{"id":3563,"date":"2025-02-19T12:13:01","date_gmt":"2025-02-19T10:13:01","guid":{"rendered":"https:\/\/mountainleader.ro\/?post_type=trip&#038;p=3563"},"modified":"2025-11-03T12:27:00","modified_gmt":"2025-11-03T10:27:00","slug":"ciucas-peak","status":"publish","type":"trip","link":"https:\/\/mountainleader.ro\/ro\/trip\/ciucas-peak\/","title":{"rendered":"V\u00e2rful Ciuca\u0219, via Culmea Bratocea"},"content":{"rendered":"<p><a href=\"https:\/\/en.wikipedia.org\/wiki\/Ciuca%C8%99_Mountains\" target=\"_blank\" rel=\"noreferrer noopener\">V\u00e2rful Ciuca\u0219 (1954m)<\/a> este cel mai \u00eenalt punct al masivului cu acela\u0219i nume, oferind perspective panoramice spectaculoase (\u00een zilele cu vizibilitate bun\u0103, bine\u00een\u021beles). Pentru a-l atinge, vom alege traseul care porne\u0219te din Pasul Bratocea<a href=\"https:\/\/www.google.com\/maps\/place\/Pasul+Bratocea\/@45.4803466,25.8932937,16.39z\/data=!4m6!3m5!1s0x40b3710bd0fd2ccb:0x40be0586ec823e5a!8m2!3d45.48037!4d25.8968139!16s%2Fg%2F1tf6q8yd?authuser=0&amp;entry=ttu&amp;g_ep=EgoyMDI1MDIxOC4wIKXMDSoJLDEwMjExNDU1SAFQAw%3D%3D\" target=\"_blank\" rel=\"noreferrer noopener\">(pe DN1A-Bra\u0219ov-Bucure\u0219ti<\/a>), urm\u00e2nd, apoi, Culmea Bratocea.<\/p>\r\n\r\n\r\n\r\n<p><script type=\"text\/javascript\" src=\"https:\/\/www.outdooractive.com\/en\/embed\/806601592\/js?mw=false\"><\/script><\/p>\r\n\r\n\r\n<div id=\"metaslider-id-3567\" style=\"width: 100%;\" class=\"ml-slider-3-107-0 metaslider metaslider-flex metaslider-3567 ml-slider has-dots-nav ms-theme-default-base\" role=\"region\" aria-label=\"Ciucas Peak\" data-height=\"300\" data-width=\"700\">\n    <div id=\"metaslider_container_3567\">\n        <div id=\"metaslider_3567\">\n            <ul class='slides'>\n                <li style=\"display: block; width: 100%;\" class=\"slide-3575 ms-image\" aria-roledescription=\"slide\" data-date=\"2025-02-19 18:15:00\" data-filename=\"IMG_20180922_125036-scaled.jpg\" data-slide-type=\"image\"><img loading=\"lazy\" decoding=\"async\" width=\"2048\" height=\"1152\" src=\"https:\/\/mountainleader.ro\/wp-content\/uploads\/2025\/02\/IMG_20180922_125036-scaled.jpg\" class=\"slider-3567 slide-3575 msDefaultImage\" alt=\"Ciucas and Gropsoarele\" rel=\"\" title=\"Ciucas and Gropsoarele\" srcset=\"https:\/\/mountainleader.ro\/wp-content\/uploads\/2025\/02\/IMG_20180922_125036-scaled.jpg 2048w, https:\/\/mountainleader.ro\/wp-content\/uploads\/2025\/02\/IMG_20180922_125036-300x170.jpg 300w, https:\/\/mountainleader.ro\/wp-content\/uploads\/2025\/02\/IMG_20180922_125036-1024x576.jpg 1024w, https:\/\/mountainleader.ro\/wp-content\/uploads\/2025\/02\/IMG_20180922_125036-768x432.jpg 768w, https:\/\/mountainleader.ro\/wp-content\/uploads\/2025\/02\/IMG_20180922_125036-1536x864.jpg 1536w, https:\/\/mountainleader.ro\/wp-content\/uploads\/2025\/02\/IMG_20180922_125036-18x10.jpg 18w, https:\/\/mountainleader.ro\/wp-content\/uploads\/2025\/02\/IMG_20180922_125036-107x60.jpg 107w\" sizes=\"auto, (max-width: 2048px) 100vw, 2048px\" \/><\/li>\n                <li style=\"display: none; width: 100%;\" class=\"slide-3576 ms-image\" aria-roledescription=\"slide\" data-date=\"2025-02-19 18:15:00\" data-filename=\"IMG_20180922_132710-scaled.jpg\" data-slide-type=\"image\"><img loading=\"lazy\" decoding=\"async\" width=\"2048\" height=\"1152\" src=\"https:\/\/mountainleader.ro\/wp-content\/uploads\/2025\/02\/IMG_20180922_132710-scaled.jpg\" class=\"slider-3567 slide-3576 msDefaultImage\" alt=\"ciucas peak\" rel=\"\" title=\"Ciucas Peak\" srcset=\"https:\/\/mountainleader.ro\/wp-content\/uploads\/2025\/02\/IMG_20180922_132710-scaled.jpg 2048w, https:\/\/mountainleader.ro\/wp-content\/uploads\/2025\/02\/IMG_20180922_132710-300x170.jpg 300w, https:\/\/mountainleader.ro\/wp-content\/uploads\/2025\/02\/IMG_20180922_132710-1024x576.jpg 1024w, https:\/\/mountainleader.ro\/wp-content\/uploads\/2025\/02\/IMG_20180922_132710-768x432.jpg 768w, https:\/\/mountainleader.ro\/wp-content\/uploads\/2025\/02\/IMG_20180922_132710-1536x864.jpg 1536w, https:\/\/mountainleader.ro\/wp-content\/uploads\/2025\/02\/IMG_20180922_132710-18x10.jpg 18w, https:\/\/mountainleader.ro\/wp-content\/uploads\/2025\/02\/IMG_20180922_132710-107x60.jpg 107w\" sizes=\"auto, (max-width: 2048px) 100vw, 2048px\" \/><\/li>\n                <li style=\"display: none; width: 100%;\" class=\"slide-3577 ms-image\" aria-roledescription=\"slide\" data-date=\"2025-02-19 18:15:00\" data-filename=\"IMG_20180922_135246-scaled.jpg\" data-slide-type=\"image\"><img loading=\"lazy\" decoding=\"async\" width=\"2048\" height=\"1152\" src=\"https:\/\/mountainleader.ro\/wp-content\/uploads\/2025\/02\/IMG_20180922_135246-scaled.jpg\" class=\"slider-3567 slide-3577 msDefaultImage\" alt=\"ciucas peak\" rel=\"\" title=\"Ciucas Peak\" srcset=\"https:\/\/mountainleader.ro\/wp-content\/uploads\/2025\/02\/IMG_20180922_135246-scaled.jpg 2048w, https:\/\/mountainleader.ro\/wp-content\/uploads\/2025\/02\/IMG_20180922_135246-300x170.jpg 300w, https:\/\/mountainleader.ro\/wp-content\/uploads\/2025\/02\/IMG_20180922_135246-1024x576.jpg 1024w, https:\/\/mountainleader.ro\/wp-content\/uploads\/2025\/02\/IMG_20180922_135246-768x432.jpg 768w, https:\/\/mountainleader.ro\/wp-content\/uploads\/2025\/02\/IMG_20180922_135246-1536x864.jpg 1536w, https:\/\/mountainleader.ro\/wp-content\/uploads\/2025\/02\/IMG_20180922_135246-18x10.jpg 18w, https:\/\/mountainleader.ro\/wp-content\/uploads\/2025\/02\/IMG_20180922_135246-107x60.jpg 107w\" sizes=\"auto, (max-width: 2048px) 100vw, 2048px\" \/><\/li>\n                <li style=\"display: none; width: 100%;\" class=\"slide-3578 ms-image\" aria-roledescription=\"slide\" data-date=\"2025-02-19 18:15:00\" data-filename=\"IMG_20180922_135723-scaled.jpg\" data-slide-type=\"image\"><img loading=\"lazy\" decoding=\"async\" width=\"2048\" height=\"1152\" src=\"https:\/\/mountainleader.ro\/wp-content\/uploads\/2025\/02\/IMG_20180922_135723-scaled.jpg\" class=\"slider-3567 slide-3578 msDefaultImage\" alt=\"ciucas peak\" rel=\"\" title=\"Ciucas Peak\" srcset=\"https:\/\/mountainleader.ro\/wp-content\/uploads\/2025\/02\/IMG_20180922_135723-scaled.jpg 2048w, https:\/\/mountainleader.ro\/wp-content\/uploads\/2025\/02\/IMG_20180922_135723-300x170.jpg 300w, https:\/\/mountainleader.ro\/wp-content\/uploads\/2025\/02\/IMG_20180922_135723-1024x576.jpg 1024w, https:\/\/mountainleader.ro\/wp-content\/uploads\/2025\/02\/IMG_20180922_135723-768x432.jpg 768w, https:\/\/mountainleader.ro\/wp-content\/uploads\/2025\/02\/IMG_20180922_135723-1536x864.jpg 1536w, https:\/\/mountainleader.ro\/wp-content\/uploads\/2025\/02\/IMG_20180922_135723-18x10.jpg 18w, https:\/\/mountainleader.ro\/wp-content\/uploads\/2025\/02\/IMG_20180922_135723-107x60.jpg 107w\" sizes=\"auto, (max-width: 2048px) 100vw, 2048px\" \/><\/li>\n                <li style=\"display: none; width: 100%;\" class=\"slide-3579 ms-image\" aria-roledescription=\"slide\" data-date=\"2025-02-19 18:15:00\" data-filename=\"IMG_20180922_143547-scaled.jpg\" data-slide-type=\"image\"><img loading=\"lazy\" decoding=\"async\" width=\"2048\" height=\"1152\" src=\"https:\/\/mountainleader.ro\/wp-content\/uploads\/2025\/02\/IMG_20180922_143547-scaled.jpg\" class=\"slider-3567 slide-3579 msDefaultImage\" alt=\"ciucas peak\" rel=\"\" title=\"Ciucas Peak\" srcset=\"https:\/\/mountainleader.ro\/wp-content\/uploads\/2025\/02\/IMG_20180922_143547-scaled.jpg 2048w, https:\/\/mountainleader.ro\/wp-content\/uploads\/2025\/02\/IMG_20180922_143547-300x170.jpg 300w, https:\/\/mountainleader.ro\/wp-content\/uploads\/2025\/02\/IMG_20180922_143547-1024x576.jpg 1024w, https:\/\/mountainleader.ro\/wp-content\/uploads\/2025\/02\/IMG_20180922_143547-768x432.jpg 768w, https:\/\/mountainleader.ro\/wp-content\/uploads\/2025\/02\/IMG_20180922_143547-1536x864.jpg 1536w, https:\/\/mountainleader.ro\/wp-content\/uploads\/2025\/02\/IMG_20180922_143547-18x10.jpg 18w, https:\/\/mountainleader.ro\/wp-content\/uploads\/2025\/02\/IMG_20180922_143547-107x60.jpg 107w\" sizes=\"auto, (max-width: 2048px) 100vw, 2048px\" \/><\/li>\n                <li style=\"display: none; width: 100%;\" class=\"slide-3580 ms-image\" aria-roledescription=\"slide\" data-date=\"2025-02-19 18:15:00\" data-filename=\"IMG_20180922_151931-scaled.jpg\" data-slide-type=\"image\"><img loading=\"lazy\" decoding=\"async\" width=\"2048\" height=\"1152\" src=\"https:\/\/mountainleader.ro\/wp-content\/uploads\/2025\/02\/IMG_20180922_151931-scaled.jpg\" class=\"slider-3567 slide-3580 msDefaultImage\" alt=\"ciucas peak\" rel=\"\" title=\"Ciucas Peak\" srcset=\"https:\/\/mountainleader.ro\/wp-content\/uploads\/2025\/02\/IMG_20180922_151931-scaled.jpg 2048w, https:\/\/mountainleader.ro\/wp-content\/uploads\/2025\/02\/IMG_20180922_151931-300x170.jpg 300w, https:\/\/mountainleader.ro\/wp-content\/uploads\/2025\/02\/IMG_20180922_151931-1024x576.jpg 1024w, https:\/\/mountainleader.ro\/wp-content\/uploads\/2025\/02\/IMG_20180922_151931-768x432.jpg 768w, https:\/\/mountainleader.ro\/wp-content\/uploads\/2025\/02\/IMG_20180922_151931-1536x864.jpg 1536w, https:\/\/mountainleader.ro\/wp-content\/uploads\/2025\/02\/IMG_20180922_151931-18x10.jpg 18w, https:\/\/mountainleader.ro\/wp-content\/uploads\/2025\/02\/IMG_20180922_151931-107x60.jpg 107w\" sizes=\"auto, (max-width: 2048px) 100vw, 2048px\" \/><\/li>\n                <li style=\"display: none; width: 100%;\" class=\"slide-3583 ms-image\" aria-roledescription=\"slide\" data-date=\"2025-02-19 18:20:08\" data-filename=\"IMG_20180922_153222-scaled.jpg\" data-slide-type=\"image\"><img loading=\"lazy\" decoding=\"async\" width=\"2048\" height=\"1152\" src=\"https:\/\/mountainleader.ro\/wp-content\/uploads\/2025\/02\/IMG_20180922_153222-scaled.jpg\" class=\"slider-3567 slide-3583 msDefaultImage\" alt=\"ciucas peak\" rel=\"\" title=\"Ciucas Peak\" srcset=\"https:\/\/mountainleader.ro\/wp-content\/uploads\/2025\/02\/IMG_20180922_153222-scaled.jpg 2048w, https:\/\/mountainleader.ro\/wp-content\/uploads\/2025\/02\/IMG_20180922_153222-300x170.jpg 300w, https:\/\/mountainleader.ro\/wp-content\/uploads\/2025\/02\/IMG_20180922_153222-1024x576.jpg 1024w, https:\/\/mountainleader.ro\/wp-content\/uploads\/2025\/02\/IMG_20180922_153222-768x432.jpg 768w, https:\/\/mountainleader.ro\/wp-content\/uploads\/2025\/02\/IMG_20180922_153222-1536x864.jpg 1536w, https:\/\/mountainleader.ro\/wp-content\/uploads\/2025\/02\/IMG_20180922_153222-18x10.jpg 18w, https:\/\/mountainleader.ro\/wp-content\/uploads\/2025\/02\/IMG_20180922_153222-107x60.jpg 107w\" sizes=\"auto, (max-width: 2048px) 100vw, 2048px\" \/><\/li>\n            <\/ul>\n        <\/div>\n        \n    <\/div>\n<\/div>\n\r\n\r\n\r\n<p>Odat\u0103 ajun\u0219i \u00een \u0218aua Tig\u0103ilor, putem admira forma\u021biuni st\u00e2ncoase surprinz\u0103toare, cum sunt Goliat \u0219i B\u0103tr\u00e2nul cu oile.<\/p>\r\n\r\n\r\n\r\n<p>De aici, vom avea de parcurs sec\u021biunea final\u0103 (\u0219i ceva mai abrupt\u0103) c\u0103tre v\u00e2rf. Dar \u0219i recompensa va fi pe m\u0103sur\u0103, pentru c\u0103 priveli\u0219tile ce ni se vor a\u0219terne \u00een fa\u021ba ochilor (at\u00e2t spre Nord, c\u00e2t \u0219i spre Sud), ne vor l\u0103sa f\u0103r\u0103 cuvinte. Pentru pauza dedicat\u0103 mesei de pr\u00e2nz, ne vom opri \u00eentr-un \u201dbalcon\u201d, din vecin\u0103tatea v\u00e2rfului.<\/p>\r\n\r\n\r\n\r\n<p>Pentru \u00eenapoiere, vom urma, \u00een prima parte, traseul care se \u00eendreapt\u0103 c\u0103tre cabana Ciuca\u0219, \u00eens\u0103, cur\u00e2nd, vom schimba direc\u021bia de deplasare c\u0103tre dreapta, pentru a reintra \u00een poteca deja parcurs\u0103 de diminea\u021b\u0103.<\/p>\r\n\r\n\r\n\r\n<p>\u00cenainte de a v\u0103 rezerva locul, v\u0103 invit s\u0103 face\u021bi o evaluare realist\u0103 a capacit\u0103\u021bilor dumneavoastr\u0103 (fizice \u0219i mentale). De asemenea, v\u0103 rog s\u0103 citi\u021bi\u00a0<a href=\"https:\/\/mountainleader.ro\/ro\/grading-system\/\">Sistemul de evaluare a dificulta\u021bii traseelor<\/a>\u00a0, respectiv\u00a0<a href=\"https:\/\/mountainleader.ro\/ro\/terms-and-conditions\/\">Termeni \u0219i Condi\u021bii<\/a>.<\/p>","protected":false},"excerpt":{"rendered":"<p>Ciucas Peak (1954m) is the highest point of the Ciucas Massif, offering panoramic spectacular views (during the clear days, of course). For reaching it, we choose the trail that starts from Bratocea Pass (on DN1A &#8211; Brasov-Bucharest), and follows, then, Bratocea ridge line. Once arrived &hellip; <\/p>","protected":false},"author":1,"featured_media":3564,"comment_status":"open","ping_status":"closed","template":"","destination":[93],"activities":[13],"trip_types":[],"difficulty":[311],"trip_tag":[400,399,385],"class_list":["post-3563","trip","type-trip","status-publish","has-post-thumbnail","hentry","destination-ciucas-mountains","activities-hiking-trekking-backpacking","difficulty-t2","trip_tag-bratocea","trip_tag-ciucas-mountains","trip_tag-ciucas-peak","latest_post"],"packages_ids":[3565],"trip_extras":[],"cut_off_time":{"enabled":false,"duration":0,"duration_unit":"days"},"booked-seats":[],"yoast_head":"<!-- This site is optimized with the Yoast SEO plugin v27.3 - https:\/\/yoast.com\/product\/yoast-seo-wordpress\/ -->\n<title>Ciucas Peak, via Bratocea Ridge<\/title>\n<meta name=\"description\" content=\"Ciucas Peak (1954m) is the highest point of the Ciucas Massif, offering panoramic spectacular views (during the clear days, of course).\" \/>\n<meta name=\"robots\" content=\"index, follow, max-snippet:-1, max-image-preview:large, max-video-preview:-1\" \/>\n<link rel=\"canonical\" href=\"https:\/\/mountainleader.ro\/ro\/trip\/ciucas-peak\/\" \/>\n<meta property=\"og:locale\" content=\"ro_RO\" \/>\n<meta property=\"og:type\" content=\"article\" \/>\n<meta property=\"og:title\" content=\"Ciucas Peak, via Bratocea Ridge\" \/>\n<meta property=\"og:description\" content=\"Ciucas Peak (1954m) is the highest point of the Ciucas Massif, offering panoramic spectacular views (during the clear days, of course).\" \/>\n<meta property=\"og:url\" content=\"https:\/\/mountainleader.ro\/ro\/trip\/ciucas-peak\/\" \/>\n<meta property=\"og:site_name\" content=\"Romanian Mountain Leader\" \/>\n<meta property=\"article:publisher\" content=\"https:\/\/www.facebook.com\/RMLGuidedToursNew\" \/>\n<meta property=\"article:modified_time\" content=\"2025-11-03T10:27:00+00:00\" \/>\n<meta property=\"og:image\" content=\"https:\/\/mountainleader.ro\/wp-content\/uploads\/2025\/02\/DSC_0054-scaled.jpg\" \/>\n\t<meta property=\"og:image:width\" content=\"2048\" \/>\n\t<meta property=\"og:image:height\" content=\"1362\" \/>\n\t<meta property=\"og:image:type\" content=\"image\/jpeg\" \/>\n<meta name=\"twitter:card\" content=\"summary_large_image\" \/>\n<meta name=\"twitter:site\" content=\"@RMLGuidedTours\" \/>\n<meta name=\"twitter:label1\" content=\"Timp estimat pentru citire\" \/>\n\t<meta name=\"twitter:data1\" content=\"2 minute\" \/>\n<!-- \/ Yoast SEO plugin. -->","yoast_head_json":{"title":"V\u00e2rful Ciuca\u0219, via Culmea Bratocea","description":"Ciucas Peak (1954m) is the highest point of the Ciucas Massif, offering panoramic spectacular views (during the clear days, of course).","robots":{"index":"index","follow":"follow","max-snippet":"max-snippet:-1","max-image-preview":"max-image-preview:large","max-video-preview":"max-video-preview:-1"},"canonical":"https:\/\/mountainleader.ro\/ro\/trip\/ciucas-peak\/","og_locale":"ro_RO","og_type":"article","og_title":"Ciucas Peak, via Bratocea Ridge","og_description":"Ciucas Peak (1954m) is the highest point of the Ciucas Massif, offering panoramic spectacular views (during the clear days, of course).","og_url":"https:\/\/mountainleader.ro\/ro\/trip\/ciucas-peak\/","og_site_name":"Romanian Mountain Leader","article_publisher":"https:\/\/www.facebook.com\/RMLGuidedToursNew","article_modified_time":"2025-11-03T10:27:00+00:00","og_image":[{"width":2048,"height":1362,"url":"https:\/\/mountainleader.ro\/wp-content\/uploads\/2025\/02\/DSC_0054-scaled.jpg","type":"image\/jpeg"}],"twitter_card":"summary_large_image","twitter_site":"@RMLGuidedTours","twitter_misc":{"Timp estimat pentru citire":"2 minute"},"schema":{"@context":"https:\/\/schema.org","@graph":[{"@type":"WebPage","@id":"https:\/\/mountainleader.ro\/trip\/ciucas-peak\/","url":"https:\/\/mountainleader.ro\/trip\/ciucas-peak\/","name":"V\u00e2rful Ciuca\u0219, via Culmea Bratocea","isPartOf":{"@id":"https:\/\/mountainleader.ro\/#website"},"primaryImageOfPage":{"@id":"https:\/\/mountainleader.ro\/trip\/ciucas-peak\/#primaryimage"},"image":{"@id":"https:\/\/mountainleader.ro\/trip\/ciucas-peak\/#primaryimage"},"thumbnailUrl":"https:\/\/mountainleader.ro\/wp-content\/uploads\/2025\/02\/DSC_0054-scaled.jpg","datePublished":"2025-02-19T10:13:01+00:00","dateModified":"2025-11-03T10:27:00+00:00","description":"Ciucas Peak (1954m) is the highest point of the Ciucas Massif, offering panoramic spectacular views (during the clear days, of course).","breadcrumb":{"@id":"https:\/\/mountainleader.ro\/trip\/ciucas-peak\/#breadcrumb"},"inLanguage":"ro-RO","potentialAction":[{"@type":"ReadAction","target":["https:\/\/mountainleader.ro\/trip\/ciucas-peak\/"]}]},{"@type":"ImageObject","inLanguage":"ro-RO","@id":"https:\/\/mountainleader.ro\/trip\/ciucas-peak\/#primaryimage","url":"https:\/\/mountainleader.ro\/wp-content\/uploads\/2025\/02\/DSC_0054-scaled.jpg","contentUrl":"https:\/\/mountainleader.ro\/wp-content\/uploads\/2025\/02\/DSC_0054-scaled.jpg","width":2048,"height":1362,"caption":"ciucas peak"},{"@type":"BreadcrumbList","@id":"https:\/\/mountainleader.ro\/trip\/ciucas-peak\/#breadcrumb","itemListElement":[{"@type":"ListItem","position":1,"name":"Home","item":"https:\/\/mountainleader.ro\/"},{"@type":"ListItem","position":2,"name":"Trips","item":"https:\/\/mountainleader.ro\/trip\/"},{"@type":"ListItem","position":3,"name":"Ciucas Peak, via Bratocea Ridge"}]},{"@type":"WebSite","@id":"https:\/\/mountainleader.ro\/#website","url":"https:\/\/mountainleader.ro\/","name":"RML Guided Tours","description":"Guided tours in Romania and abroad: hiking, sightseeing, via ferrata, snowshoeing!","publisher":{"@id":"https:\/\/mountainleader.ro\/#organization"},"potentialAction":[{"@type":"SearchAction","target":{"@type":"EntryPoint","urlTemplate":"https:\/\/mountainleader.ro\/?s={search_term_string}"},"query-input":{"@type":"PropertyValueSpecification","valueRequired":true,"valueName":"search_term_string"}}],"inLanguage":"ro-RO"},{"@type":"Organization","@id":"https:\/\/mountainleader.ro\/#organization","name":"Bana Florin George PFA","url":"https:\/\/mountainleader.ro\/","logo":{"@type":"ImageObject","inLanguage":"ro-RO","@id":"https:\/\/mountainleader.ro\/#\/schema\/logo\/image\/","url":"https:\/\/mountainleader.ro\/wp-content\/uploads\/2020\/01\/RML-Guided-Tours-scaled.jpg","contentUrl":"https:\/\/mountainleader.ro\/wp-content\/uploads\/2020\/01\/RML-Guided-Tours-scaled.jpg","width":2048,"height":2048,"caption":"Bana Florin George PFA"},"image":{"@id":"https:\/\/mountainleader.ro\/#\/schema\/logo\/image\/"},"sameAs":["https:\/\/www.facebook.com\/RMLGuidedToursNew","https:\/\/x.com\/RMLGuidedTours","https:\/\/www.instagram.com\/rml_guided_tours\/"]}]}},"code":"RML-T-05","price":60,"has_sale":false,"sale_price":0,"discount_percent":0,"currency":{"code":"EUR","symbol":"&euro;"},"duration":{"days":1,"nights":0,"duration_unit":"days","duration_type":"days"},"min_pax":1,"max_pax":10,"discount_value":0,"discount_label":"Reducere de 0%","primary_category":262,"available_times":{"dates":[],"months":[]},"description":"<!-- wp:list -->\n<ul class=\"wp-block-list\"><!-- wp:list-item -->\n<li>Grup format din: 2-10 persoane<\/li>\n<!-- \/wp:list-item -->\n\n<!-- wp:list-item -->\n<li>Categoria: Drume\u021bie montan\u0103<\/li>\n<!-- \/wp:list-item -->\n\n<!-- wp:list-item -->\n<li>Dificultate: <a href=\"https:\/\/mountainleader.ro\/ro\/grading-system\/\">T2<\/a><\/li>\n<!-- \/wp:list-item -->\n\n<!-- wp:list-item -->\n<li>Perioada de desf\u0103\u0219urare: Aprilie-Octombrie<\/li>\n<!-- \/wp:list-item -->\n\n<!-- wp:list-item -->\n<li>Transfer aerian inclus: Nu<\/li>\n<!-- \/wp:list-item -->\n\n<!-- wp:list-item -->\n<li>Tur personalizabil: Da<\/li>\n<!-- \/wp:list-item --><\/ul>\n<!-- \/wp:list -->\n\n<!-- wp:heading {\"level\":3} -->\n<h3 class=\"wp-block-heading\"><em>Traseul \u0219i durata activit\u0103\u021bilor pot fi modificate ca urmare a abilit\u0103\u021bilor membrilor grupului, preferin\u021belor acestora, ori a condi\u021biilor meteorologice nefavorabile.<\/em><\/h3>\n<!-- \/wp:heading -->","cost_includes":"Services provided by a professional international mountain leader-English speaker;\nRental of trekking poles (optional, but very recommended)","cost_excludes":"Transfer fees (arrangements can be done on request).\nOther expenses not mentioned as included.","itineraries":[],"faqs":[],"is_featured":false,"featured_image":{"width":2048,"height":1362,"file":"2025\/02\/DSC_0054-scaled.jpg","filesize":445338,"sizes":{"medium":{"file":"DSC_0054-300x199.jpg","width":300,"height":199,"filesize":13801,"mime_type":"image\/jpeg","source_url":"https:\/\/mountainleader.ro\/wp-content\/uploads\/2025\/02\/DSC_0054-300x199.jpg"},"large":{"file":"DSC_0054-1024x681.jpg","width":1024,"height":681,"filesize":131886,"mime_type":"image\/jpeg","source_url":"https:\/\/mountainleader.ro\/wp-content\/uploads\/2025\/02\/DSC_0054-1024x681.jpg"},"thumbnail":{"file":"DSC_0054-150x150.jpg","width":150,"height":150,"filesize":6082,"mime_type":"image\/jpeg","source_url":"https:\/\/mountainleader.ro\/wp-content\/uploads\/2025\/02\/DSC_0054-150x150.jpg"},"medium_large":{"file":"DSC_0054-768x511.jpg","width":768,"height":511,"filesize":76586,"mime_type":"image\/jpeg","source_url":"https:\/\/mountainleader.ro\/wp-content\/uploads\/2025\/02\/DSC_0054-768x511.jpg"},"trip-thumb-size":{"file":"DSC_0054-374x226.jpg","width":374,"height":226,"filesize":18893,"mime_type":"image\/jpeg","source_url":"https:\/\/mountainleader.ro\/wp-content\/uploads\/2025\/02\/DSC_0054-374x226.jpg"},"destination-thumb-size":{"file":"DSC_0054-600x810.jpg","width":600,"height":810,"filesize":96779,"mime_type":"image\/jpeg","source_url":"https:\/\/mountainleader.ro\/wp-content\/uploads\/2025\/02\/DSC_0054-600x810.jpg"},"destination-thumb-trip-size":{"file":"DSC_0054-410x250.jpg","width":410,"height":250,"filesize":22267,"mime_type":"image\/jpeg","source_url":"https:\/\/mountainleader.ro\/wp-content\/uploads\/2025\/02\/DSC_0054-410x250.jpg"},"activities-thumb-size":{"file":"DSC_0054-600x810.jpg","width":600,"height":810,"filesize":96779,"mime_type":"image\/jpeg","source_url":"https:\/\/mountainleader.ro\/wp-content\/uploads\/2025\/02\/DSC_0054-600x810.jpg"},"trip-single-size":{"file":"DSC_0054-990x490.jpg","width":990,"height":490,"filesize":88851,"mime_type":"image\/jpeg","source_url":"https:\/\/mountainleader.ro\/wp-content\/uploads\/2025\/02\/DSC_0054-990x490.jpg"},"1536x1536":{"file":"DSC_0054-1536x1021.jpg","width":1536,"height":1021,"filesize":273923,"mime_type":"image\/jpeg","source_url":"https:\/\/mountainleader.ro\/wp-content\/uploads\/2025\/02\/DSC_0054-1536x1021.jpg"},"2048x2048":{"file":"DSC_0054-2048x1362.jpg","width":2048,"height":1362,"filesize":445338,"mime_type":"image\/jpeg","source_url":"https:\/\/mountainleader.ro\/wp-content\/uploads\/2025\/02\/DSC_0054-2048x1362.jpg"},"trp-custom-language-flag":{"file":"DSC_0054-18x12.jpg","width":18,"height":12,"filesize":834,"mime_type":"image\/jpeg","source_url":"https:\/\/mountainleader.ro\/wp-content\/uploads\/2025\/02\/DSC_0054-18x12.jpg"},"travel-agency-slider":{"file":"DSC_0054-1920x680.jpg","width":1920,"height":680,"filesize":193705,"mime_type":"image\/jpeg","source_url":"https:\/\/mountainleader.ro\/wp-content\/uploads\/2025\/02\/DSC_0054-1920x680.jpg"},"travel-agency-full":{"file":"DSC_0054-1290x540.jpg","width":1290,"height":540,"filesize":118796,"mime_type":"image\/jpeg","source_url":"https:\/\/mountainleader.ro\/wp-content\/uploads\/2025\/02\/DSC_0054-1290x540.jpg"},"travel-agency-popular":{"file":"DSC_0054-630x630.jpg","width":630,"height":630,"filesize":78842,"mime_type":"image\/jpeg","source_url":"https:\/\/mountainleader.ro\/wp-content\/uploads\/2025\/02\/DSC_0054-630x630.jpg"},"travel-agency-popular-small":{"file":"DSC_0054-300x300.jpg","width":300,"height":300,"filesize":19850,"mime_type":"image\/jpeg","source_url":"https:\/\/mountainleader.ro\/wp-content\/uploads\/2025\/02\/DSC_0054-300x300.jpg"},"travel-agency-blog":{"file":"DSC_0054-410x250.jpg","width":410,"height":250,"filesize":22267,"mime_type":"image\/jpeg","source_url":"https:\/\/mountainleader.ro\/wp-content\/uploads\/2025\/02\/DSC_0054-410x250.jpg"},"travel-agency-related":{"file":"DSC_0054-280x170.jpg","width":280,"height":170,"filesize":11400,"mime_type":"image\/jpeg","source_url":"https:\/\/mountainleader.ro\/wp-content\/uploads\/2025\/02\/DSC_0054-280x170.jpg"},"travel-agency-recent":{"file":"DSC_0054-300x170.jpg","width":300,"height":170,"filesize":12003,"mime_type":"image\/jpeg","source_url":"https:\/\/mountainleader.ro\/wp-content\/uploads\/2025\/02\/DSC_0054-300x170.jpg"},"travel-agency-team":{"file":"DSC_0054-280x350.jpg","width":280,"height":350,"filesize":21631,"mime_type":"image\/jpeg","source_url":"https:\/\/mountainleader.ro\/wp-content\/uploads\/2025\/02\/DSC_0054-280x350.jpg"},"travel-agency-team-full":{"file":"DSC_0054-408x510.jpg","width":408,"height":510,"filesize":43664,"mime_type":"image\/jpeg","source_url":"https:\/\/mountainleader.ro\/wp-content\/uploads\/2025\/02\/DSC_0054-408x510.jpg"},"travel-agency-team-detail":{"file":"DSC_0054-300x400.jpg","width":300,"height":400,"filesize":26363,"mime_type":"image\/jpeg","source_url":"https:\/\/mountainleader.ro\/wp-content\/uploads\/2025\/02\/DSC_0054-300x400.jpg"},"travel-agency-team-gallery":{"file":"DSC_0054-293x225.jpg","width":293,"height":225,"filesize":15192,"mime_type":"image\/jpeg","source_url":"https:\/\/mountainleader.ro\/wp-content\/uploads\/2025\/02\/DSC_0054-293x225.jpg"},"travel-agency-schema":{"file":"DSC_0054-90x60.jpg","width":90,"height":60,"filesize":2331,"mime_type":"image\/jpeg","source_url":"https:\/\/mountainleader.ro\/wp-content\/uploads\/2025\/02\/DSC_0054-90x60.jpg"},"full":{"file":"DSC_0054-scaled.jpg","width":2048,"height":1362,"source_url":"https:\/\/mountainleader.ro\/wp-content\/uploads\/2025\/02\/DSC_0054-scaled.jpg"}},"image_meta":{"aperture":"10","credit":"","camera":"NIKON D40","caption":"","created_timestamp":"1287923644","copyright":"","focal_length":"18","iso":"200","shutter_speed":"0.004","title":"","orientation":"1","keywords":[]},"original_image":"DSC_0054.jpg"},"_links":{"self":[{"href":"https:\/\/mountainleader.ro\/ro\/wp-json\/wp\/v2\/trip\/3563","targetHints":{"allow":["GET"]}}],"collection":[{"href":"https:\/\/mountainleader.ro\/ro\/wp-json\/wp\/v2\/trip"}],"about":[{"href":"https:\/\/mountainleader.ro\/ro\/wp-json\/wp\/v2\/types\/trip"}],"author":[{"embeddable":true,"href":"https:\/\/mountainleader.ro\/ro\/wp-json\/wp\/v2\/users\/1"}],"replies":[{"embeddable":true,"href":"https:\/\/mountainleader.ro\/ro\/wp-json\/wp\/v2\/comments?post=3563"}],"version-history":[{"count":0,"href":"https:\/\/mountainleader.ro\/ro\/wp-json\/wp\/v2\/trip\/3563\/revisions"}],"wp:featuredmedia":[{"embeddable":true,"href":"https:\/\/mountainleader.ro\/ro\/wp-json\/wp\/v2\/media\/3564"}],"wp:attachment":[{"href":"https:\/\/mountainleader.ro\/ro\/wp-json\/wp\/v2\/media?parent=3563"}],"wp:term":[{"taxonomy":"destination","embeddable":true,"href":"https:\/\/mountainleader.ro\/ro\/wp-json\/wp\/v2\/destination?post=3563"},{"taxonomy":"activities","embeddable":true,"href":"https:\/\/mountainleader.ro\/ro\/wp-json\/wp\/v2\/activities?post=3563"},{"taxonomy":"trip_types","embeddable":true,"href":"https:\/\/mountainleader.ro\/ro\/wp-json\/wp\/v2\/trip_types?post=3563"},{"taxonomy":"difficulty","embeddable":true,"href":"https:\/\/mountainleader.ro\/ro\/wp-json\/wp\/v2\/difficulty?post=3563"},{"taxonomy":"trip_tag","embeddable":true,"href":"https:\/\/mountainleader.ro\/ro\/wp-json\/wp\/v2\/trip_tag?post=3563"}],"curies":[{"name":"wp","href":"https:\/\/api.w.org\/{rel}","templated":true}]}}