{"id":3722,"date":"2025-09-07T09:57:52","date_gmt":"2025-09-07T06:57:52","guid":{"rendered":"https:\/\/mountainleader.ro\/?post_type=tribe_events&#038;p=3722"},"modified":"2025-09-15T09:50:56","modified_gmt":"2025-09-15T06:50:56","slug":"bucsa-strunga-batrana","status":"publish","type":"tribe_events","link":"https:\/\/mountainleader.ro\/ro\/event\/bucsa-strunga-batrana\/","title":{"rendered":"Circuit Moieciu de Sus-Vf. Buc\u0219a-\u0218aua Strunga-vf. B\u0103tr\u00e2na"},"content":{"rendered":"<p>Circuitul care ne poart\u0103 din satul Moieciu de Sus, c\u0103tre v\u00e2rful Buc\u0219a, \u0219i mai departe, c\u0103tre \u0218aua Strunga \u0219i vf. B\u0103tr\u00e2na, este unul spectaculos, cu imagini ample asupra mun\u021bilor Leaota \u0219i abruptului vestic al mun\u021bilor Bucegi.<\/p>\n<p><span style=\"color: #ff0000;\"><strong>Detaliile traseului:<\/strong><\/span><\/p>\n<p><iframe style=\"width: 100%; height: 517px; border: 0;\" src=\"https:\/\/www.outdooractive.com\/en\/embed\/808824397\/iframe?mw=false\"><\/iframe><\/p>\n<p><span style=\"color: #ff0000;\"><strong>Ora \u0219i locul \u00eent\u00e2lnirii:<\/strong><\/span> la 08.00 <a href=\"https:\/\/maps.app.goo.gl\/XpNW4RFVJZK5sSXz9\" target=\"_blank\" rel=\"noopener\">\u00een apropierea barierei de pe valea B\u0103ng\u0103leasa<\/a><\/p>\n<p>Sunt disponibile anumite op\u021biuni pentru transport din\/spre Bra\u0219ov.<\/p>\n<p><span style=\"color: #ff0000;\"><strong>Echipament:<\/strong><\/span><\/p>\n<p><strong>Articole esen\u021biale<\/strong><\/p>\n<ul class=\"wp-block-list\">\n<li>Rucsac pentru dume\u021bii (25-35l), cu hus\u0103 pentru ploaie<\/li>\n<li>Bidon pentru ap\u0103 (rezervor) - 1-2 litri<\/li>\n<li>Pachet pentru masa de pr\u00e2nz - asigura\u021bi-v\u0103 c\u0103 ave\u021bi mai mult\u0103 m\u00e2ncare, dec\u00e2t considera\u021bi c\u0103 e necesar<\/li>\n<li>Gust\u0103ri cu valoare energetic\u0103 ridicat\u0103 (geluri energizante, batoane proteice, mix de fructe deshidratate, etc)<\/li>\n<li>Telefon mobil \u00eenc\u0103rcat 100% (op\u021bional, un powerbank u\u0219or)<\/li>\n<li>Trus\u0103 de prim ajutor individual\u0103, inclusiv gel pentru igienizarea m\u00e2inilor<\/li>\n<li>Medica\u021bie personal\u0103 (ex. antihistaminice, medica\u021bie pentru astm, etc)<\/li>\n<li>Strat de baz\u0103 \u0219i \u0219osete de rezerv\u0103<\/li>\n<li>Pung\u0103 pentru de\u0219euri<\/li>\n<li>Lo\u021biune de protec\u021bie solar\u0103, respectiv, de protec\u021bie \u00eempotriva insectelor<\/li>\n<li>Lantern\u0103 frontal\u0103, cu baterii de rezerv\u0103<\/li>\n<li>Folie de supravie\u021buire<\/li>\n<li>Fluier, pentru situa\u021bia \u00een care te \u00eendep\u0103rtezi de grup, sau ai nevoie de ajutor<\/li>\n<\/ul>\n<p><strong>Alte articole (op\u021bionale, dar recomandate)<\/strong><\/p>\n<ul class=\"wp-block-list\">\n<li>Be\u021be de trekking (foarte utile)<\/li>\n<li>Buff\/E\u0219arf\u0103 (pentru protec\u021bia g\u00e2tului)<\/li>\n<li>Izopren sau pern\u0103 gonflabil\u0103 pentru \u0219ezut<\/li>\n<li>Kit pentru repara\u021bii<\/li>\n<li>Briceag sau unealt\u0103 multi-func\u021bional\u0103<\/li>\n<li>Spray de ap\u0103rare \u00eempotriva ur\u0219ilor<\/li>\n<\/ul>\n<p><strong>Cum ne \u00eembr\u0103c\u0103m<\/strong><\/p>\n<p><em>Condi\u021biile meteo se pot schimba rapid, a\u0219a c\u0103 e bine s\u0103 fim preg\u0103ti\u021bi:<\/em><\/p>\n<ul class=\"wp-block-list\">\n<li>Bocanci de munte (adecva\u021bi sezonului), cu suport ferm pentru glezne, \u0219i talp\u0103 aderent\u0103 corespunz\u0103toare<\/li>\n<li>\u0218osete pentru drume\u021bie (polipropilen\u0103 sau l\u00e2n\u0103 merino)<\/li>\n<li>Stratul de baz\u0103: tricou\/bluz\u0103 de corp din polipropilen\u0103\/l\u00e2n\u0103 merino, ori alte materiale cu uscare rapid\u0103. Dac\u0103 temperaturile sunt sc\u0103zute, sunt recomanda\u021bi colan\u021bi cu acelea\u0219i propriet\u0103\u021bi termice \u0219i de respirabilitate<\/li>\n<li>Stratul intermediar (termic): pulover l\u00e2n\u0103\/fleece\/polar<\/li>\n<li>Stratul exterior\n<ul>\n<li>Jachet\u0103 (cu glug\u0103) care s\u0103 ofere o bun\u0103 protec\u021bie \u00eempotriva v\u00e2ntului \u0219i umezelii<\/li>\n<li>Supra-pantaloni, op\u021bionali, dar foarte recomanda\u021bi<\/li>\n<\/ul>\n<\/li>\n<\/ul>\n<ul>\n<li>M\u0103nu\u0219i corespunz\u0103toare anotimpului<\/li>\n<li>P\u0103l\u0103rie\/\u0219apc\u0103 \u0219i c\u0103ciul\u0103 c\u0103lduroas\u0103<\/li>\n<li>Ochelari de soare<\/li>\n<\/ul>","protected":false},"excerpt":{"rendered":"<p>The circuit leading us from Moieciu de Sus village, to Buc\u0219a Peak, and further to Strunga Saddle and B\u0103tr\u00e2na Peak, is another spectacular path along the western side of Bucegi Mountains. The views that opens all around, once we reach the alpine area, are very &hellip; <\/p>","protected":false},"author":1,"featured_media":3727,"comment_status":"open","ping_status":"closed","template":"","meta":{"_tribe_events_status":"","_tribe_events_status_reason":"","footnotes":""},"tags":[394,396,393,395],"tribe_events_cat":[249],"class_list":["post-3722","tribe_events","type-tribe_events","status-publish","has-post-thumbnail","hentry","tag-batrana","tag-bucegi-mountains","tag-bucsa","tag-saua-strunga","tribe_events_cat-hiking-and-trekking","cat_hiking-and-trekking","latest_post"],"yoast_head":"<!-- This site is optimized with the Yoast SEO plugin v27.3 - https:\/\/yoast.com\/product\/yoast-seo-wordpress\/ -->\n<title>Circuit Moieciu de Sus-Vf. Buc\u0219a-\u0218aua Strunga-vf. B\u0103tr\u00e2na<\/title>\n<meta name=\"description\" content=\"The route leading us through vf. Buc\u0219a, \u0219aua Strunga and vf. B\u0103tr\u00e2na, starts\/finish in Moieciu de Sus village. Superb panoramas around.\" \/>\n<meta name=\"robots\" content=\"noindex, follow\" \/>\n<meta property=\"og:locale\" content=\"ro_RO\" \/>\n<meta property=\"og:type\" content=\"article\" \/>\n<meta property=\"og:title\" content=\"Circuit Moieciu de Sus-Vf. Buc\u0219a-\u0218aua Strunga-vf. B\u0103tr\u00e2na\" \/>\n<meta property=\"og:description\" content=\"The route leading us through vf. Buc\u0219a, \u0219aua Strunga and vf. B\u0103tr\u00e2na, starts\/finish in Moieciu de Sus village. Superb panoramas around.\" \/>\n<meta property=\"og:url\" content=\"https:\/\/mountainleader.ro\/ro\/event\/bucsa-strunga-batrana\/\" \/>\n<meta property=\"og:site_name\" content=\"Romanian Mountain Leader\" \/>\n<meta property=\"article:publisher\" content=\"https:\/\/www.facebook.com\/RMLGuidedToursNew\" \/>\n<meta property=\"article:modified_time\" content=\"2025-09-15T06:50:56+00:00\" \/>\n<meta property=\"og:image\" content=\"https:\/\/mountainleader.ro\/wp-content\/uploads\/2025\/09\/P6270710-scaled.jpg\" \/>\n\t<meta property=\"og:image:width\" content=\"2560\" \/>\n\t<meta property=\"og:image:height\" content=\"1440\" \/>\n\t<meta property=\"og:image:type\" content=\"image\/jpeg\" \/>\n<meta name=\"twitter:card\" content=\"summary_large_image\" \/>\n<meta name=\"twitter:site\" content=\"@RMLGuidedTours\" \/>\n<meta name=\"twitter:label1\" content=\"Timp estimat pentru citire\" \/>\n\t<meta name=\"twitter:data1\" content=\"2 minute\" \/>\n<!-- \/ Yoast SEO plugin. -->","yoast_head_json":{"title":"Circuit Moieciu de Sus-Vf. Buc\u0219a-\u0218aua Strunga-vf. B\u0103tr\u00e2na","description":"The route leading us through vf. Buc\u0219a, \u0219aua Strunga and vf. B\u0103tr\u00e2na, starts\/finish in Moieciu de Sus village. Superb panoramas around.","robots":{"index":"noindex","follow":"follow"},"og_locale":"ro_RO","og_type":"article","og_title":"Circuit Moieciu de Sus-Vf. Buc\u0219a-\u0218aua Strunga-vf. B\u0103tr\u00e2na","og_description":"The route leading us through vf. Buc\u0219a, \u0219aua Strunga and vf. B\u0103tr\u00e2na, starts\/finish in Moieciu de Sus village. Superb panoramas around.","og_url":"https:\/\/mountainleader.ro\/ro\/event\/bucsa-strunga-batrana\/","og_site_name":"Romanian Mountain Leader","article_publisher":"https:\/\/www.facebook.com\/RMLGuidedToursNew","article_modified_time":"2025-09-15T06:50:56+00:00","og_image":[{"width":2560,"height":1440,"url":"https:\/\/mountainleader.ro\/wp-content\/uploads\/2025\/09\/P6270710-scaled.jpg","type":"image\/jpeg"}],"twitter_card":"summary_large_image","twitter_site":"@RMLGuidedTours","twitter_misc":{"Timp estimat pentru citire":"2 minute"},"schema":{"@context":"https:\/\/schema.org","@graph":[{"@type":"WebPage","@id":"https:\/\/mountainleader.ro\/event\/bucsa-strunga-batrana\/","url":"https:\/\/mountainleader.ro\/event\/bucsa-strunga-batrana\/","name":"Circuit Moieciu de Sus-Vf. Buc\u0219a-\u0218aua Strunga-vf. B\u0103tr\u00e2na","isPartOf":{"@id":"https:\/\/mountainleader.ro\/#website"},"primaryImageOfPage":{"@id":"https:\/\/mountainleader.ro\/event\/bucsa-strunga-batrana\/#primaryimage"},"image":{"@id":"https:\/\/mountainleader.ro\/event\/bucsa-strunga-batrana\/#primaryimage"},"thumbnailUrl":"https:\/\/mountainleader.ro\/wp-content\/uploads\/2025\/09\/P6270710-scaled.jpg","datePublished":"2025-09-07T06:57:52+00:00","dateModified":"2025-09-15T06:50:56+00:00","description":"The route leading us through vf. Buc\u0219a, \u0219aua Strunga and vf. B\u0103tr\u00e2na, starts\/finish in Moieciu de Sus village. Superb panoramas around.","breadcrumb":{"@id":"https:\/\/mountainleader.ro\/event\/bucsa-strunga-batrana\/#breadcrumb"},"inLanguage":"ro-RO","potentialAction":[{"@type":"ReadAction","target":["https:\/\/mountainleader.ro\/event\/bucsa-strunga-batrana\/"]}]},{"@type":"ImageObject","inLanguage":"ro-RO","@id":"https:\/\/mountainleader.ro\/event\/bucsa-strunga-batrana\/#primaryimage","url":"https:\/\/mountainleader.ro\/wp-content\/uploads\/2025\/09\/P6270710-scaled.jpg","contentUrl":"https:\/\/mountainleader.ro\/wp-content\/uploads\/2025\/09\/P6270710-scaled.jpg","width":2560,"height":1440,"caption":"OLYMPUS DIGITAL CAMERA"},{"@type":"BreadcrumbList","@id":"https:\/\/mountainleader.ro\/event\/bucsa-strunga-batrana\/#breadcrumb","itemListElement":[{"@type":"ListItem","position":1,"name":"Home","item":"https:\/\/mountainleader.ro\/"},{"@type":"ListItem","position":2,"name":"Events","item":"https:\/\/mountainleader.ro\/events\/"},{"@type":"ListItem","position":3,"name":"Circuit Moieciu de Sus-Vf. Buc\u0219a-\u0218aua Strunga-vf. B\u0103tr\u00e2na"}]},{"@type":"WebSite","@id":"https:\/\/mountainleader.ro\/#website","url":"https:\/\/mountainleader.ro\/","name":"RML Guided Tours","description":"Guided tours in Romania and abroad: hiking, sightseeing, via ferrata, snowshoeing!","publisher":{"@id":"https:\/\/mountainleader.ro\/#organization"},"potentialAction":[{"@type":"SearchAction","target":{"@type":"EntryPoint","urlTemplate":"https:\/\/mountainleader.ro\/?s={search_term_string}"},"query-input":{"@type":"PropertyValueSpecification","valueRequired":true,"valueName":"search_term_string"}}],"inLanguage":"ro-RO"},{"@type":"Organization","@id":"https:\/\/mountainleader.ro\/#organization","name":"Bana Florin George PFA","url":"https:\/\/mountainleader.ro\/","logo":{"@type":"ImageObject","inLanguage":"ro-RO","@id":"https:\/\/mountainleader.ro\/#\/schema\/logo\/image\/","url":"https:\/\/mountainleader.ro\/wp-content\/uploads\/2020\/01\/RML-Guided-Tours-scaled.jpg","contentUrl":"https:\/\/mountainleader.ro\/wp-content\/uploads\/2020\/01\/RML-Guided-Tours-scaled.jpg","width":2048,"height":2048,"caption":"Bana Florin George PFA"},"image":{"@id":"https:\/\/mountainleader.ro\/#\/schema\/logo\/image\/"},"sameAs":["https:\/\/www.facebook.com\/RMLGuidedToursNew","https:\/\/x.com\/RMLGuidedTours","https:\/\/www.instagram.com\/rml_guided_tours\/"]}]}},"_links":{"self":[{"href":"https:\/\/mountainleader.ro\/ro\/wp-json\/wp\/v2\/tribe_events\/3722","targetHints":{"allow":["GET"]}}],"collection":[{"href":"https:\/\/mountainleader.ro\/ro\/wp-json\/wp\/v2\/tribe_events"}],"about":[{"href":"https:\/\/mountainleader.ro\/ro\/wp-json\/wp\/v2\/types\/tribe_events"}],"author":[{"embeddable":true,"href":"https:\/\/mountainleader.ro\/ro\/wp-json\/wp\/v2\/users\/1"}],"replies":[{"embeddable":true,"href":"https:\/\/mountainleader.ro\/ro\/wp-json\/wp\/v2\/comments?post=3722"}],"version-history":[{"count":0,"href":"https:\/\/mountainleader.ro\/ro\/wp-json\/wp\/v2\/tribe_events\/3722\/revisions"}],"wp:featuredmedia":[{"embeddable":true,"href":"https:\/\/mountainleader.ro\/ro\/wp-json\/wp\/v2\/media\/3727"}],"wp:attachment":[{"href":"https:\/\/mountainleader.ro\/ro\/wp-json\/wp\/v2\/media?parent=3722"}],"wp:term":[{"taxonomy":"post_tag","embeddable":true,"href":"https:\/\/mountainleader.ro\/ro\/wp-json\/wp\/v2\/tags?post=3722"},{"taxonomy":"tribe_events_cat","embeddable":true,"href":"https:\/\/mountainleader.ro\/ro\/wp-json\/wp\/v2\/tribe_events_cat?post=3722"}],"curies":[{"name":"wp","href":"https:\/\/api.w.org\/{rel}","templated":true}]}}